{"id":9943,"date":"2023-10-03T21:23:24","date_gmt":"2023-10-03T19:23:24","guid":{"rendered":"https:\/\/resthisard.seoagil.com\/chef\/"},"modified":"2023-11-24T11:35:58","modified_gmt":"2023-11-24T10:35:58","slug":"chef","status":"publish","type":"page","link":"https:\/\/restaurantisard.com\/fr\/chef\/","title":{"rendered":"Chef"},"content":{"rendered":"\t\t<div data-elementor-type=\"wp-post\" data-elementor-id=\"9943\" class=\"elementor elementor-9943 elementor-7682\" data-elementor-post-type=\"page\">\n\t\t\t\t<div class=\"elementor-element elementor-element-de9393e e-con-full e-flex e-con e-parent\" data-id=\"de9393e\" data-element_type=\"container\" data-settings=\"{&quot;background_background&quot;:&quot;classic&quot;}\">\n\t\t<div class=\"elementor-element elementor-element-109546c e-flex e-con-boxed e-con e-child\" data-id=\"109546c\" data-element_type=\"container\">\n\t\t\t\t\t<div class=\"e-con-inner\">\n\t\t<div class=\"elementor-element elementor-element-d2adb9e e-flex e-con-boxed e-con e-child\" data-id=\"d2adb9e\" data-element_type=\"container\">\n\t\t\t\t\t<div class=\"e-con-inner\">\n\t\t<div class=\"elementor-element elementor-element-48b4d6e e-con-full e-flex e-con e-child\" data-id=\"48b4d6e\" data-element_type=\"container\">\n\t\t\t\t<div class=\"elementor-element elementor-element-bd022ca elementor-widget elementor-widget-heading\" data-id=\"bd022ca\" data-element_type=\"widget\" data-widget_type=\"heading.default\">\n\t\t\t\t<div class=\"elementor-widget-container\">\n\t\t\t\t\t<h2 class=\"elementor-heading-title elementor-size-default\">Le chef Roger Biosca<\/h2>\t\t\t\t<\/div>\n\t\t\t\t<\/div>\n\t\t\t\t<\/div>\n\t\t<div class=\"elementor-element elementor-element-8d7e970 e-con-full e-flex e-con e-child\" data-id=\"8d7e970\" data-element_type=\"container\">\n\t\t\t\t<div class=\"elementor-element elementor-element-7d29fc0 overlay elementor-widget elementor-widget-image\" data-id=\"7d29fc0\" data-element_type=\"widget\" data-widget_type=\"image.default\">\n\t\t\t\t<div class=\"elementor-widget-container\">\n\t\t\t\t\t\t\t\t\t\t\t\t\t\t\t<img fetchpriority=\"high\" decoding=\"async\" width=\"1310\" height=\"1654\" src=\"https:\/\/restaurantisard.com\/wp-content\/uploads\/2023\/10\/cuiner@2x.png\" class=\"attachment-full size-full wp-image-7416\" alt=\"\" srcset=\"https:\/\/restaurantisard.com\/wp-content\/uploads\/2023\/10\/cuiner@2x.png 1310w, https:\/\/restaurantisard.com\/wp-content\/uploads\/2023\/10\/cuiner@2x-600x758.png 600w, https:\/\/restaurantisard.com\/wp-content\/uploads\/2023\/10\/cuiner@2x-238x300.png 238w, https:\/\/restaurantisard.com\/wp-content\/uploads\/2023\/10\/cuiner@2x-811x1024.png 811w, https:\/\/restaurantisard.com\/wp-content\/uploads\/2023\/10\/cuiner@2x-768x970.png 768w, https:\/\/restaurantisard.com\/wp-content\/uploads\/2023\/10\/cuiner@2x-1217x1536.png 1217w\" sizes=\"(max-width: 1310px) 100vw, 1310px\" \/>\t\t\t\t\t\t\t\t\t\t\t\t\t\t\t<\/div>\n\t\t\t\t<\/div>\n\t\t\t\t<div class=\"elementor-element elementor-element-9cdd9e0 e-transform elementor-widget-divider--view-line elementor-widget elementor-widget-divider\" data-id=\"9cdd9e0\" data-element_type=\"widget\" data-settings=\"{&quot;_transform_rotateZ_effect&quot;:{&quot;unit&quot;:&quot;px&quot;,&quot;size&quot;:90,&quot;sizes&quot;:[]},&quot;_transform_rotateZ_effect_tablet&quot;:{&quot;unit&quot;:&quot;deg&quot;,&quot;size&quot;:&quot;&quot;,&quot;sizes&quot;:[]},&quot;_transform_rotateZ_effect_mobile&quot;:{&quot;unit&quot;:&quot;deg&quot;,&quot;size&quot;:&quot;&quot;,&quot;sizes&quot;:[]}}\" data-widget_type=\"divider.default\">\n\t\t\t\t<div class=\"elementor-widget-container\">\n\t\t\t\t\t\t\t<div class=\"elementor-divider\">\n\t\t\t<span class=\"elementor-divider-separator\">\n\t\t\t\t\t\t<\/span>\n\t\t<\/div>\n\t\t\t\t\t\t<\/div>\n\t\t\t\t<\/div>\n\t\t\t\t<\/div>\n\t\t<div class=\"elementor-element elementor-element-3e142a0 e-con-full e-flex e-con e-child\" data-id=\"3e142a0\" data-element_type=\"container\">\n\t\t\t\t<\/div>\n\t\t\t\t\t<\/div>\n\t\t\t\t<\/div>\n\t\t<div class=\"elementor-element elementor-element-74a56d3 e-flex e-con-boxed e-con e-child\" data-id=\"74a56d3\" data-element_type=\"container\">\n\t\t\t\t\t<div class=\"e-con-inner\">\n\t\t\t\t<div class=\"elementor-element elementor-element-2b400fc elementor-widget elementor-widget-heading\" data-id=\"2b400fc\" data-element_type=\"widget\" data-widget_type=\"heading.default\">\n\t\t\t\t<div class=\"elementor-widget-container\">\n\t\t\t\t\t<h3 class=\"elementor-heading-title elementor-size-default\">Roger Biosca (Reus, 1974) a suivi une formation de cuisinier professionnel \u00e0 l'\u00e9cole de restauration et de tourisme de Cambrils. Il a h\u00e9rit\u00e9 sa passion pour la cuisine de sa grand-m\u00e8re paternelle, une cuisini\u00e8re professionnelle qui a travaill\u00e9 toute sa vie pour des restaurants locaux renomm\u00e9s tels que le Gran Hotel Londres \u00e0 Reus. <\/h3>\t\t\t\t<\/div>\n\t\t\t\t<\/div>\n\t\t\t\t\t<\/div>\n\t\t\t\t<\/div>\n\t\t\t\t\t<\/div>\n\t\t\t\t<\/div>\n\t\t<div class=\"elementor-element elementor-element-ed5043c e-flex e-con-boxed e-con e-child\" data-id=\"ed5043c\" data-element_type=\"container\">\n\t\t\t\t\t<div class=\"e-con-inner\">\n\t\t<div class=\"elementor-element elementor-element-0fd77ec e-con-full e-flex e-con e-child\" data-id=\"0fd77ec\" data-element_type=\"container\">\n\t\t\t\t<div class=\"elementor-element elementor-element-0ef121d elementor-widget elementor-widget-image\" data-id=\"0ef121d\" data-element_type=\"widget\" data-widget_type=\"image.default\">\n\t\t\t\t<div class=\"elementor-widget-container\">\n\t\t\t\t\t\t\t\t\t\t\t\t\t\t\t<img decoding=\"async\" width=\"666\" height=\"980\" src=\"https:\/\/restaurantisard.com\/wp-content\/uploads\/2023\/10\/IMG_9468@2x.png\" class=\"attachment-full size-full wp-image-7702\" alt=\"\" srcset=\"https:\/\/restaurantisard.com\/wp-content\/uploads\/2023\/10\/IMG_9468@2x.png 666w, https:\/\/restaurantisard.com\/wp-content\/uploads\/2023\/10\/IMG_9468@2x-600x883.png 600w, https:\/\/restaurantisard.com\/wp-content\/uploads\/2023\/10\/IMG_9468@2x-204x300.png 204w\" sizes=\"(max-width: 666px) 100vw, 666px\" \/>\t\t\t\t\t\t\t\t\t\t\t\t\t\t\t<\/div>\n\t\t\t\t<\/div>\n\t\t\t\t<\/div>\n\t\t<div class=\"elementor-element elementor-element-a1eb674 e-con-full e-flex e-con e-child\" data-id=\"a1eb674\" data-element_type=\"container\">\n\t\t\t\t<div class=\"elementor-element elementor-element-68d9a78 elementor-widget elementor-widget-image\" data-id=\"68d9a78\" data-element_type=\"widget\" data-widget_type=\"image.default\">\n\t\t\t\t<div class=\"elementor-widget-container\">\n\t\t\t\t\t\t\t\t\t\t\t\t\t\t\t<img decoding=\"async\" width=\"1138\" height=\"978\" src=\"https:\/\/restaurantisard.com\/wp-content\/uploads\/2023\/10\/IMG_7105@2x.png\" class=\"attachment-full size-full wp-image-7706\" alt=\"\" srcset=\"https:\/\/restaurantisard.com\/wp-content\/uploads\/2023\/10\/IMG_7105@2x.png 1138w, https:\/\/restaurantisard.com\/wp-content\/uploads\/2023\/10\/IMG_7105@2x-600x516.png 600w, https:\/\/restaurantisard.com\/wp-content\/uploads\/2023\/10\/IMG_7105@2x-300x258.png 300w, https:\/\/restaurantisard.com\/wp-content\/uploads\/2023\/10\/IMG_7105@2x-1024x880.png 1024w, https:\/\/restaurantisard.com\/wp-content\/uploads\/2023\/10\/IMG_7105@2x-768x660.png 768w\" sizes=\"(max-width: 1138px) 100vw, 1138px\" \/>\t\t\t\t\t\t\t\t\t\t\t\t\t\t\t<\/div>\n\t\t\t\t<\/div>\n\t\t\t\t<\/div>\n\t\t\t\t\t<\/div>\n\t\t\t\t<\/div>\n\t\t<div class=\"elementor-element elementor-element-43da9ea e-flex e-con-boxed e-con e-child\" data-id=\"43da9ea\" data-element_type=\"container\">\n\t\t\t\t\t<div class=\"e-con-inner\">\n\t\t\t\t<div class=\"elementor-element elementor-element-6e0c34a elementor-widget elementor-widget-text-editor\" data-id=\"6e0c34a\" data-element_type=\"widget\" data-widget_type=\"text-editor.default\">\n\t\t\t\t<div class=\"elementor-widget-container\">\n\t\t\t\t\t\t\t\t\t<p>Pendant sa p\u00e9riode universitaire, et plus particuli\u00e8rement pendant ses \u00e9tudes sup\u00e9rieures, Roger a combin\u00e9 ses \u00e9tudes avec des stages dans des restaurants tels que La Grava del Morell et El Celler del ra\u00efm. Plus tard, dans sa carri\u00e8re professionnelle, Roger a travaill\u00e9 dans les cuisines du restaurant La Medussa, dirig\u00e9 par la gastronome et professeur de cuisine Mariona Quadrada, \u00e9galement originaire de Reus, aupr\u00e8s de laquelle il a appris la vari\u00e9t\u00e9 des aliments, la structure des saveurs et leur d\u00e9finition, ainsi que l&rsquo;essence de la stabilit\u00e9 culinaire.<\/p>\t\t\t\t\t\t\t\t<\/div>\n\t\t\t\t<\/div>\n\t\t\t\t\t<\/div>\n\t\t\t\t<\/div>\n\t\t<div class=\"elementor-element elementor-element-0ede784 e-flex e-con-boxed e-con e-child\" data-id=\"0ede784\" data-element_type=\"container\">\n\t\t\t\t\t<div class=\"e-con-inner\">\n\t\t<div class=\"elementor-element elementor-element-7927d93 e-con-full e-flex e-con e-child\" data-id=\"7927d93\" data-element_type=\"container\">\n\t\t\t\t<div class=\"elementor-element elementor-element-1b20bad elementor-widget elementor-widget-image\" data-id=\"1b20bad\" data-element_type=\"widget\" data-widget_type=\"image.default\">\n\t\t\t\t<div class=\"elementor-widget-container\">\n\t\t\t\t\t\t\t\t\t\t\t\t\t\t\t<img loading=\"lazy\" decoding=\"async\" width=\"694\" height=\"978\" src=\"https:\/\/restaurantisard.com\/wp-content\/uploads\/2023\/10\/ISARD-2016-50@2x.png\" class=\"attachment-full size-full wp-image-7719\" alt=\"\" srcset=\"https:\/\/restaurantisard.com\/wp-content\/uploads\/2023\/10\/ISARD-2016-50@2x.png 694w, https:\/\/restaurantisard.com\/wp-content\/uploads\/2023\/10\/ISARD-2016-50@2x-600x846.png 600w, https:\/\/restaurantisard.com\/wp-content\/uploads\/2023\/10\/ISARD-2016-50@2x-213x300.png 213w\" sizes=\"(max-width: 694px) 100vw, 694px\" \/>\t\t\t\t\t\t\t\t\t\t\t\t\t\t\t<\/div>\n\t\t\t\t<\/div>\n\t\t\t\t<\/div>\n\t\t<div class=\"elementor-element elementor-element-876335c e-con-full e-flex e-con e-child\" data-id=\"876335c\" data-element_type=\"container\">\n\t\t\t\t<div class=\"elementor-element elementor-element-9750241 elementor-widget elementor-widget-image\" data-id=\"9750241\" data-element_type=\"widget\" data-widget_type=\"image.default\">\n\t\t\t\t<div class=\"elementor-widget-container\">\n\t\t\t\t\t\t\t\t\t\t\t\t\t\t\t<img loading=\"lazy\" decoding=\"async\" width=\"684\" height=\"980\" src=\"https:\/\/restaurantisard.com\/wp-content\/uploads\/2023\/10\/carn@2x.png\" class=\"attachment-full size-full wp-image-7723\" alt=\"\" srcset=\"https:\/\/restaurantisard.com\/wp-content\/uploads\/2023\/10\/carn@2x.png 684w, https:\/\/restaurantisard.com\/wp-content\/uploads\/2023\/10\/carn@2x-600x860.png 600w, https:\/\/restaurantisard.com\/wp-content\/uploads\/2023\/10\/carn@2x-209x300.png 209w\" sizes=\"(max-width: 684px) 100vw, 684px\" \/>\t\t\t\t\t\t\t\t\t\t\t\t\t\t\t<\/div>\n\t\t\t\t<\/div>\n\t\t\t\t<\/div>\n\t\t<div class=\"elementor-element elementor-element-a738a76 e-con-full e-flex e-con e-child\" data-id=\"a738a76\" data-element_type=\"container\">\n\t\t\t\t<div class=\"elementor-element elementor-element-87d70d6 elementor-widget elementor-widget-image\" data-id=\"87d70d6\" data-element_type=\"widget\" data-widget_type=\"image.default\">\n\t\t\t\t<div class=\"elementor-widget-container\">\n\t\t\t\t\t\t\t\t\t\t\t\t\t\t\t<img loading=\"lazy\" decoding=\"async\" width=\"600\" height=\"978\" src=\"https:\/\/restaurantisard.com\/wp-content\/uploads\/2023\/10\/ISARD-2016-54@2x-2.png\" class=\"attachment-full size-full wp-image-7727\" alt=\"\" srcset=\"https:\/\/restaurantisard.com\/wp-content\/uploads\/2023\/10\/ISARD-2016-54@2x-2.png 600w, https:\/\/restaurantisard.com\/wp-content\/uploads\/2023\/10\/ISARD-2016-54@2x-2-184x300.png 184w\" sizes=\"(max-width: 600px) 100vw, 600px\" \/>\t\t\t\t\t\t\t\t\t\t\t\t\t\t\t<\/div>\n\t\t\t\t<\/div>\n\t\t\t\t<\/div>\n\t\t\t\t\t<\/div>\n\t\t\t\t<\/div>\n\t\t<div class=\"elementor-element elementor-element-caf3b42 e-flex e-con-boxed e-con e-child\" data-id=\"caf3b42\" data-element_type=\"container\">\n\t\t\t\t\t<div class=\"e-con-inner\">\n\t\t\t\t<div class=\"elementor-element elementor-element-bc000fd elementor-widget elementor-widget-text-editor\" data-id=\"bc000fd\" data-element_type=\"widget\" data-widget_type=\"text-editor.default\">\n\t\t\t\t<div class=\"elementor-widget-container\">\n\t\t\t\t\t\t\t\t\t<p>En 2002, Roger a commenc\u00e9 \u00e0 travailler comme sous-chef \u00e0 l&rsquo;h\u00f4tel Aiguablava \u00e0 Begur, o\u00f9 il a appris le m\u00e9tier de gastronome h\u00f4telier, avec une cuisine locale typique de l&rsquo;Empord\u00e0. Gr\u00e2ce \u00e0 cette sp\u00e9cialisation, Roger s&rsquo;est install\u00e9 en 2009 en Andorre, o\u00f9 il d\u00e9veloppera le reste de sa carri\u00e8re professionnelle dans des h\u00f4tels renomm\u00e9s de la r\u00e9gion, tels que l&rsquo;h\u00f4tel Termes Montbri\u00f3 ou l&rsquo;h\u00f4tel Roc Blanc, o\u00f9 il travaille en tant que chef depuis plus de 8 ans.<\/p><p>Actuellement, Roger est le chef ex\u00e9cutif de l&rsquo;h\u00f4tel-restaurant de L&rsquo;Isard, situ\u00e9 sur l&rsquo;avenue Meritxell. Sa cuisine est bas\u00e9e sur la polyvalence de ses plats avec des produits de saison, des influences catalanes, andorranes et fran\u00e7aises, et dans laquelle les combinaisons de saveurs ne manquent pas, avec un fond d&rsquo;innovation particulier.<\/p>\t\t\t\t\t\t\t\t<\/div>\n\t\t\t\t<\/div>\n\t\t\t\t\t<\/div>\n\t\t\t\t<\/div>\n\t\t\t\t<div class=\"elementor-element elementor-element-f35a9a7 elementor-align-center link-flecha blanca elementor-mobile-align-center elementor-widget elementor-widget-button\" data-id=\"f35a9a7\" data-element_type=\"widget\" data-widget_type=\"button.default\">\n\t\t\t\t<div class=\"elementor-widget-container\">\n\t\t\t\t\t\t\t\t\t<div class=\"elementor-button-wrapper\">\n\t\t\t\t\t<a class=\"elementor-button elementor-button-link elementor-size-sm\" href=\"https:\/\/restaurantisard.com\/fr\/notre-offre-gastronomique\/\">\n\t\t\t\t\t\t<span class=\"elementor-button-content-wrapper\">\n\t\t\t\t\t\t\t\t\t<span class=\"elementor-button-text\">Voir toute l'offre gastronomique<\/span>\n\t\t\t\t\t<\/span>\n\t\t\t\t\t<\/a>\n\t\t\t\t<\/div>\n\t\t\t\t\t\t\t\t<\/div>\n\t\t\t\t<\/div>\n\t\t\t\t<\/div>\n\t\t\t\t<\/div>\n\t\t","protected":false},"excerpt":{"rendered":"<p>Le chef Roger Biosca Roger Biosca (Reus, 1974) a suivi une formation de cuisinier professionnel \u00e0 l&rsquo;\u00e9cole de restauration et de tourisme de Cambrils. Il a h\u00e9rit\u00e9 sa passion pour la cuisine de sa grand-m\u00e8re paternelle, une cuisini\u00e8re professionnelle qui a travaill\u00e9 toute sa vie pour des restaurants locaux renomm\u00e9s tels que le Gran Hotel [&hellip;]<\/p>\n","protected":false},"author":4,"featured_media":0,"parent":0,"menu_order":0,"comment_status":"closed","ping_status":"closed","template":"","meta":{"_acf_changed":false,"ocean_post_layout":"","ocean_both_sidebars_style":"","ocean_both_sidebars_content_width":0,"ocean_both_sidebars_sidebars_width":0,"ocean_sidebar":"0","ocean_second_sidebar":"0","ocean_disable_margins":"on","ocean_add_body_class":"","ocean_shortcode_before_top_bar":"","ocean_shortcode_after_top_bar":"","ocean_shortcode_before_header":"","ocean_shortcode_after_header":"","ocean_has_shortcode":"","ocean_shortcode_after_title":"","ocean_shortcode_before_footer_widgets":"","ocean_shortcode_after_footer_widgets":"","ocean_shortcode_before_footer_bottom":"","ocean_shortcode_after_footer_bottom":"","ocean_display_top_bar":"default","ocean_display_header":"default","ocean_header_style":"","ocean_center_header_left_menu":"0","ocean_custom_header_template":"0","ocean_custom_logo":0,"ocean_custom_retina_logo":0,"ocean_custom_logo_max_width":0,"ocean_custom_logo_tablet_max_width":0,"ocean_custom_logo_mobile_max_width":0,"ocean_custom_logo_max_height":0,"ocean_custom_logo_tablet_max_height":0,"ocean_custom_logo_mobile_max_height":0,"ocean_header_custom_menu":"0","ocean_menu_typo_font_family":"0","ocean_menu_typo_font_subset":"","ocean_menu_typo_font_size":0,"ocean_menu_typo_font_size_tablet":0,"ocean_menu_typo_font_size_mobile":0,"ocean_menu_typo_font_size_unit":"px","ocean_menu_typo_font_weight":"","ocean_menu_typo_font_weight_tablet":"","ocean_menu_typo_font_weight_mobile":"","ocean_menu_typo_transform":"","ocean_menu_typo_transform_tablet":"","ocean_menu_typo_transform_mobile":"","ocean_menu_typo_line_height":0,"ocean_menu_typo_line_height_tablet":0,"ocean_menu_typo_line_height_mobile":0,"ocean_menu_typo_line_height_unit":"","ocean_menu_typo_spacing":0,"ocean_menu_typo_spacing_tablet":0,"ocean_menu_typo_spacing_mobile":0,"ocean_menu_typo_spacing_unit":"","ocean_menu_link_color":"","ocean_menu_link_color_hover":"","ocean_menu_link_color_active":"","ocean_menu_link_background":"","ocean_menu_link_hover_background":"","ocean_menu_link_active_background":"","ocean_menu_social_links_bg":"","ocean_menu_social_hover_links_bg":"","ocean_menu_social_links_color":"","ocean_menu_social_hover_links_color":"","ocean_disable_title":"on","ocean_disable_heading":"default","ocean_post_title":"","ocean_post_subheading":"","ocean_post_title_style":"","ocean_post_title_background_color":"","ocean_post_title_background":0,"ocean_post_title_bg_image_position":"","ocean_post_title_bg_image_attachment":"","ocean_post_title_bg_image_repeat":"","ocean_post_title_bg_image_size":"","ocean_post_title_height":0,"ocean_post_title_bg_overlay":0.5,"ocean_post_title_bg_overlay_color":"","ocean_disable_breadcrumbs":"default","ocean_breadcrumbs_color":"","ocean_breadcrumbs_separator_color":"","ocean_breadcrumbs_links_color":"","ocean_breadcrumbs_links_hover_color":"","ocean_display_footer_widgets":"default","ocean_display_footer_bottom":"default","ocean_custom_footer_template":"0","osh_disable_topbar_sticky":"default","osh_disable_header_sticky":"default","osh_sticky_header_style":"default","osh_sticky_header_effect":"","osh_custom_sticky_logo":0,"osh_custom_retina_sticky_logo":0,"osh_custom_sticky_logo_height":0,"osh_background_color":"","osh_links_color":"","osh_links_hover_color":"","osh_links_active_color":"","osh_links_bg_color":"","osh_links_hover_bg_color":"","osh_links_active_bg_color":"","osh_menu_social_links_color":"","osh_menu_social_hover_links_color":"","footnotes":""},"categoria_pagina":[],"class_list":["post-9943","page","type-page","status-publish","hentry","entry"],"acf":[],"_links":{"self":[{"href":"https:\/\/restaurantisard.com\/fr\/wp-json\/wp\/v2\/pages\/9943","targetHints":{"allow":["GET"]}}],"collection":[{"href":"https:\/\/restaurantisard.com\/fr\/wp-json\/wp\/v2\/pages"}],"about":[{"href":"https:\/\/restaurantisard.com\/fr\/wp-json\/wp\/v2\/types\/page"}],"author":[{"embeddable":true,"href":"https:\/\/restaurantisard.com\/fr\/wp-json\/wp\/v2\/users\/4"}],"replies":[{"embeddable":true,"href":"https:\/\/restaurantisard.com\/fr\/wp-json\/wp\/v2\/comments?post=9943"}],"version-history":[{"count":0,"href":"https:\/\/restaurantisard.com\/fr\/wp-json\/wp\/v2\/pages\/9943\/revisions"}],"wp:attachment":[{"href":"https:\/\/restaurantisard.com\/fr\/wp-json\/wp\/v2\/media?parent=9943"}],"wp:term":[{"taxonomy":"categoria_pagina","embeddable":true,"href":"https:\/\/restaurantisard.com\/fr\/wp-json\/wp\/v2\/categoria_pagina?post=9943"}],"curies":[{"name":"wp","href":"https:\/\/api.w.org\/{rel}","templated":true}]}}